{"id":308,"date":"2025-01-20T13:19:58","date_gmt":"2025-01-20T13:19:58","guid":{"rendered":"https:\/\/husf.org.br\/residencia\/?page_id=308"},"modified":"2026-02-09T23:47:13","modified_gmt":"2026-02-09T23:47:13","slug":"prm-clinica-medica","status":"publish","type":"page","link":"https:\/\/husf.org.br\/residencia\/prm-clinica-medica\/","title":{"rendered":"Cl\u00ednica M\u00e9dica"},"content":{"rendered":"<style>.elementor-308 .elementor-element.elementor-element-d1f0f15{margin-top:50px;margin-bottom:50px;padding:0px 0px 0px 0px;}.elementor-308 .elementor-element.elementor-element-a593105 .elementor-button{font-size:20px;font-weight:600;text-decoration:none;fill:#FFFFFF;color:#FFFFFF;background-color:var( --e-global-color-872c058 );}.elementor-308 .elementor-element.elementor-element-a593105 > .elementor-widget-container{margin:0px 0px 40px 0px;}.elementor-308 .elementor-element.elementor-element-53f88c1{margin-top:50px;margin-bottom:50px;padding:0px 0px 0px 0px;}.elementor-308 .elementor-element.elementor-element-f4c1551 .elementor-heading-title{font-size:20px;text-transform:uppercase;color:var( --e-global-color-872c058 );}.elementor-308 .elementor-element.elementor-element-0edea57 .elementor-heading-title{font-size:20px;text-transform:uppercase;color:var( --e-global-color-872c058 );}.elementor-308 .elementor-element.elementor-element-152bfae{margin-top:50px;margin-bottom:50px;padding:0px 0px 0px 0px;}.elementor-308 .elementor-element.elementor-element-c1c4064 .elementor-heading-title{font-size:20px;text-transform:uppercase;color:var( --e-global-color-872c058 );}:root{--page-title-display:none;}@media(min-width:768px){.elementor-308 .elementor-element.elementor-element-4dc250a{width:43.246%;}.elementor-308 .elementor-element.elementor-element-4b8ebe0{width:56.754%;}}<\/style>\t\t<div data-elementor-type=\"wp-page\" data-elementor-id=\"308\" class=\"elementor elementor-308\" data-elementor-post-type=\"page\">\n\t\t\t\t\t\t<section class=\"elementor-section elementor-top-section elementor-element elementor-element-d1f0f15 elementor-section-boxed elementor-section-height-default elementor-section-height-default\" data-id=\"d1f0f15\" data-element_type=\"section\" data-e-type=\"section\">\n\t\t\t\t\t\t<div class=\"elementor-container elementor-column-gap-default\">\n\t\t\t\t\t<div class=\"elementor-column elementor-col-50 elementor-top-column elementor-element elementor-element-4dc250a\" data-id=\"4dc250a\" data-element_type=\"column\" data-e-type=\"column\">\n\t\t\t<div class=\"elementor-widget-wrap elementor-element-populated\">\n\t\t\t\t\t\t<div class=\"elementor-element elementor-element-245d54d elementor-widget elementor-widget-image\" data-id=\"245d54d\" data-element_type=\"widget\" data-e-type=\"widget\" data-widget_type=\"image.default\">\n\t\t\t\t<div class=\"elementor-widget-container\">\n\t\t\t\t\t\t\t\t\t\t\t\t\t\t\t<img fetchpriority=\"high\" decoding=\"async\" width=\"800\" height=\"545\" src=\"https:\/\/husf.org.br\/residencia\/wp-content\/uploads\/2025\/01\/HUSF-clinica_medica-1024x698.jpg\" class=\"attachment-large size-large wp-image-359\" alt=\"\" srcset=\"https:\/\/husf.org.br\/residencia\/wp-content\/uploads\/2025\/01\/HUSF-clinica_medica-1024x698.jpg 1024w, https:\/\/husf.org.br\/residencia\/wp-content\/uploads\/2025\/01\/HUSF-clinica_medica-300x205.jpg 300w, https:\/\/husf.org.br\/residencia\/wp-content\/uploads\/2025\/01\/HUSF-clinica_medica-768x524.jpg 768w, https:\/\/husf.org.br\/residencia\/wp-content\/uploads\/2025\/01\/HUSF-clinica_medica.jpg 1351w\" sizes=\"(max-width: 800px) 100vw, 800px\" \/>\t\t\t\t\t\t\t\t\t\t\t\t\t\t\t<\/div>\n\t\t\t\t<\/div>\n\t\t\t\t\t<\/div>\n\t\t<\/div>\n\t\t\t\t<div class=\"elementor-column elementor-col-50 elementor-top-column elementor-element elementor-element-4b8ebe0\" data-id=\"4b8ebe0\" data-element_type=\"column\" data-e-type=\"column\">\n\t\t\t<div class=\"elementor-widget-wrap elementor-element-populated\">\n\t\t\t\t\t\t<div class=\"elementor-element elementor-element-a593105 elementor-align-left elementor-widget elementor-widget-button\" data-id=\"a593105\" data-element_type=\"widget\" data-e-type=\"widget\" data-widget_type=\"button.default\">\n\t\t\t\t<div class=\"elementor-widget-container\">\n\t\t\t\t\t\t\t\t\t<div class=\"elementor-button-wrapper\">\n\t\t\t\t\t<a class=\"elementor-button elementor-button-link elementor-size-sm\" href=\"https:\/\/www.aremg.org.br\/processos-atuais\">\n\t\t\t\t\t\t<span class=\"elementor-button-content-wrapper\">\n\t\t\t\t\t\t\t\t\t<span class=\"elementor-button-text\">INSCREVA-SE<\/span>\n\t\t\t\t\t<\/span>\n\t\t\t\t\t<\/a>\n\t\t\t\t<\/div>\n\t\t\t\t\t\t\t\t<\/div>\n\t\t\t\t<\/div>\n\t\t\t\t\t<\/div>\n\t\t<\/div>\n\t\t\t\t\t<\/div>\n\t\t<\/section>\n\t\t\t\t<section class=\"elementor-section elementor-top-section elementor-element elementor-element-53f88c1 elementor-section-boxed elementor-section-height-default elementor-section-height-default\" data-id=\"53f88c1\" data-element_type=\"section\" data-e-type=\"section\">\n\t\t\t\t\t\t<div class=\"elementor-container elementor-column-gap-default\">\n\t\t\t\t\t<div class=\"elementor-column elementor-col-50 elementor-top-column elementor-element elementor-element-743a499\" data-id=\"743a499\" data-element_type=\"column\" data-e-type=\"column\">\n\t\t\t<div class=\"elementor-widget-wrap elementor-element-populated\">\n\t\t\t\t\t\t<div class=\"elementor-element elementor-element-f4c1551 elementor-widget elementor-widget-heading\" data-id=\"f4c1551\" data-element_type=\"widget\" data-e-type=\"widget\" data-widget_type=\"heading.default\">\n\t\t\t\t<div class=\"elementor-widget-container\">\n\t\t\t\t\t<h2 class=\"elementor-heading-title elementor-size-default\">Supervis\u00e3o<\/h2>\t\t\t\t<\/div>\n\t\t\t\t<\/div>\n\t\t\t\t<div class=\"elementor-element elementor-element-68c83ac elementor-widget elementor-widget-text-editor\" data-id=\"68c83ac\" data-element_type=\"widget\" data-e-type=\"widget\" data-widget_type=\"text-editor.default\">\n\t\t\t\t<div class=\"elementor-widget-container\">\n\t\t\t\t\t\t\t\t\t<p><strong>Supervisor:<\/strong>\u00a0Pedro Henrique Resende Farina<br \/><strong>Suplente de supervisor:<\/strong>\u00a0Anderson Silveira Duque<\/p>\t\t\t\t\t\t\t\t<\/div>\n\t\t\t\t<\/div>\n\t\t\t\t\t<\/div>\n\t\t<\/div>\n\t\t\t\t<div class=\"elementor-column elementor-col-50 elementor-top-column elementor-element elementor-element-bfcc012\" data-id=\"bfcc012\" data-element_type=\"column\" data-e-type=\"column\">\n\t\t\t<div class=\"elementor-widget-wrap elementor-element-populated\">\n\t\t\t\t\t\t<div class=\"elementor-element elementor-element-0edea57 elementor-widget elementor-widget-heading\" data-id=\"0edea57\" data-element_type=\"widget\" data-e-type=\"widget\" data-widget_type=\"heading.default\">\n\t\t\t\t<div class=\"elementor-widget-container\">\n\t\t\t\t\t<h2 class=\"elementor-heading-title elementor-size-default\">Especialidade de Cl\u00ednica M\u00e9dica<\/h2>\t\t\t\t<\/div>\n\t\t\t\t<\/div>\n\t\t\t\t<div class=\"elementor-element elementor-element-c6f2bf9 elementor-widget elementor-widget-text-editor\" data-id=\"c6f2bf9\" data-element_type=\"widget\" data-e-type=\"widget\" data-widget_type=\"text-editor.default\">\n\t\t\t\t<div class=\"elementor-widget-container\">\n\t\t\t\t\t\t\t\t\t<p><b>Matriz de compet\u00eancias<\/b><\/p><p><span style=\"color: #000000;\"><a style=\"color: #000000;\" href=\"https:\/\/husf.org.br\/residencia\/wp-content\/uploads\/2025\/01\/Matriz-de-competencias-de-Clinica-Medica-2.pdf\" target=\"_blank\" rel=\"noopener\">ACESSAR MATRIZ DE COMPET\u00caNCIAS<\/a><\/span><\/p>\t\t\t\t\t\t\t\t<\/div>\n\t\t\t\t<\/div>\n\t\t\t\t\t<\/div>\n\t\t<\/div>\n\t\t\t\t\t<\/div>\n\t\t<\/section>\n\t\t\t\t<section class=\"elementor-section elementor-top-section elementor-element elementor-element-152bfae elementor-section-boxed elementor-section-height-default elementor-section-height-default\" data-id=\"152bfae\" data-element_type=\"section\" data-e-type=\"section\">\n\t\t\t\t\t\t<div class=\"elementor-container elementor-column-gap-default\">\n\t\t\t\t\t<div class=\"elementor-column elementor-col-100 elementor-top-column elementor-element elementor-element-f7aa1e4\" data-id=\"f7aa1e4\" data-element_type=\"column\" data-e-type=\"column\">\n\t\t\t<div class=\"elementor-widget-wrap elementor-element-populated\">\n\t\t\t\t\t\t<div class=\"elementor-element elementor-element-c1c4064 elementor-widget elementor-widget-heading\" data-id=\"c1c4064\" data-element_type=\"widget\" data-e-type=\"widget\" data-widget_type=\"heading.default\">\n\t\t\t\t<div class=\"elementor-widget-container\">\n\t\t\t\t\t<h2 class=\"elementor-heading-title elementor-size-default\">OBJETIVOS GERAIS<\/h2>\t\t\t\t<\/div>\n\t\t\t\t<\/div>\n\t\t\t\t<div class=\"elementor-element elementor-element-32f9860 elementor-widget elementor-widget-text-editor\" data-id=\"32f9860\" data-element_type=\"widget\" data-e-type=\"widget\" data-widget_type=\"text-editor.default\">\n\t\t\t\t<div class=\"elementor-widget-container\">\n\t\t\t\t\t\t\t\t\t<p style=\"text-align: justify;\">A resid\u00eancia de Cl\u00ednica M\u00e9dica visa a forma\u00e7\u00e3o ampla do profissional, com capacidade de atuar em diversos ambientes,<br \/>que v\u00e3o desde a aten\u00e7\u00e3o b\u00e1sica de sa\u00fade at\u00e9 uma unidade hospitalar altamente especializada, ou seja, capaz de atuar<br \/>nos diferentes n\u00edveis de aten\u00e7\u00e3o \u00e0 sa\u00fade, com interven\u00e7\u00f5es de promo\u00e7\u00e3o, preven\u00e7\u00e3o e recupera\u00e7\u00e3o \u00e0 sa\u00fade.<\/p><p style=\"text-align: justify;\">Nesse contexto, o Programa de Resid\u00eancia M\u00e9dica (PRM) busca capacitar o m\u00e9dico residente em Medicina Interna para:<\/p><ul style=\"text-align: justify;\"><li><strong>Desenvolver compet\u00eancia cl\u00ednica ampla:<\/strong> capacitar o m\u00e9dico a diagnosticar, tratar e manejar uma ampla gama de condi\u00e7\u00f5es m\u00e9dicas, utilizando abordagens baseadas em evid\u00eancias e pr\u00e1ticas atualizadas.<br \/><br \/><\/li><li><strong>Fomentar o racioc\u00ednio cl\u00ednico cr\u00edtico:<\/strong> ensinar o m\u00e9dico a desenvolver habilidades de racioc\u00ednio cl\u00ednico e tomada de decis\u00e3o, promovendo reflex\u00f5es cr\u00edticas sobre diagn\u00f3sticos e planos de tratamento.<br \/><br \/><\/li><li><strong>Aprimorar habilidades de comunica\u00e7\u00e3o:<\/strong> preparar o m\u00e9dico para se comunicar eficazmente com pacientes, familiares e equipes de sa\u00fade, garantindo clareza e empatia em todas as intera\u00e7\u00f5es.<br \/><br \/><\/li><li><strong>Promover a continuidade do cuidado:<\/strong> ensinar a import\u00e2ncia de proporcionar cuidados cont\u00ednuos e coordenados, colaborando com outros profissionais de sa\u00fade para garantir um tratamento hol\u00edstico ao paciente.<br \/><br \/><\/li><li><strong>Estimular o aprendizado cont\u00ednuo e aut\u00f4nomo:<\/strong> incentivar o m\u00e9dico a buscar constantemente novos conhecimentos e habilidades, mantendo-se atualizado sobre avan\u00e7os m\u00e9dicos e cient\u00edficos.<br \/><br \/><\/li><li><strong>Integrar a pr\u00e1tica \u00e9tica e humanizada:<\/strong> garantir que o m\u00e9dico opere com os mais altos padr\u00f5es \u00e9ticos, demonstrando empatia e respeito em todas as intera\u00e7\u00f5es com os pacientes.<br \/><br \/><\/li><li><strong>Desenvolver capacidade de lideran\u00e7a e colabora\u00e7\u00e3o:<\/strong> preparar o m\u00e9dico para assumir pap\u00e9is de lideran\u00e7a em equipes de sa\u00fade, promovendo um ambiente de trabalho colaborativo e eficiente.<\/li><\/ul>\t\t\t\t\t\t\t\t<\/div>\n\t\t\t\t<\/div>\n\t\t\t\t\t<\/div>\n\t\t<\/div>\n\t\t\t\t\t<\/div>\n\t\t<\/section>\n\t\t\t\t<\/div>\n\t\t","protected":false},"excerpt":{"rendered":"<p>INSCREVA-SE Supervis\u00e3o Supervisor:\u00a0Pedro Henrique Resende FarinaSuplente de supervisor:\u00a0Anderson Silveira Duque Especialidade de Cl\u00ednica M\u00e9dica Matriz de compet\u00eancias ACESSAR MATRIZ DE COMPET\u00caNCIAS OBJETIVOS GERAIS A resid\u00eancia de Cl\u00ednica M\u00e9dica visa a forma\u00e7\u00e3o ampla do profissional, com capacidade de atuar em diversos ambientes,que v\u00e3o desde a aten\u00e7\u00e3o b\u00e1sica de sa\u00fade at\u00e9 uma unidade hospitalar altamente especializada, ou [&hellip;]<\/p>\n","protected":false},"author":1,"featured_media":0,"parent":0,"menu_order":0,"comment_status":"closed","ping_status":"closed","template":"","meta":{"footnotes":""},"class_list":["post-308","page","type-page","status-publish","hentry"],"_links":{"self":[{"href":"https:\/\/husf.org.br\/residencia\/wp-json\/wp\/v2\/pages\/308","targetHints":{"allow":["GET"]}}],"collection":[{"href":"https:\/\/husf.org.br\/residencia\/wp-json\/wp\/v2\/pages"}],"about":[{"href":"https:\/\/husf.org.br\/residencia\/wp-json\/wp\/v2\/types\/page"}],"author":[{"embeddable":true,"href":"https:\/\/husf.org.br\/residencia\/wp-json\/wp\/v2\/users\/1"}],"replies":[{"embeddable":true,"href":"https:\/\/husf.org.br\/residencia\/wp-json\/wp\/v2\/comments?post=308"}],"version-history":[{"count":62,"href":"https:\/\/husf.org.br\/residencia\/wp-json\/wp\/v2\/pages\/308\/revisions"}],"predecessor-version":[{"id":924,"href":"https:\/\/husf.org.br\/residencia\/wp-json\/wp\/v2\/pages\/308\/revisions\/924"}],"wp:attachment":[{"href":"https:\/\/husf.org.br\/residencia\/wp-json\/wp\/v2\/media?parent=308"}],"curies":[{"name":"wp","href":"https:\/\/api.w.org\/{rel}","templated":true}]}}