{"id":345,"date":"2025-01-20T17:18:38","date_gmt":"2025-01-20T17:18:38","guid":{"rendered":"https:\/\/husf.org.br\/residencia\/?page_id=345"},"modified":"2026-02-09T23:46:45","modified_gmt":"2026-02-09T23:46:45","slug":"prm-de-anestesiologia","status":"publish","type":"page","link":"https:\/\/husf.org.br\/residencia\/prm-de-anestesiologia\/","title":{"rendered":"Anestesiologia"},"content":{"rendered":"<style>.elementor-345 .elementor-element.elementor-element-7e7a685{margin-top:50px;margin-bottom:50px;padding:0px 0px 0px 0px;}.elementor-345 .elementor-element.elementor-element-7d7ce73 .elementor-button{font-size:20px;font-weight:600;text-decoration:none;fill:#FFFFFF;color:#FFFFFF;background-color:var( --e-global-color-872c058 );}.elementor-345 .elementor-element.elementor-element-7d7ce73 > .elementor-widget-container{margin:0px 0px 40px 0px;}.elementor-345 .elementor-element.elementor-element-f439f51{margin-top:50px;margin-bottom:50px;padding:0px 0px 0px 0px;}.elementor-345 .elementor-element.elementor-element-705fe2b .elementor-heading-title{font-size:20px;text-transform:uppercase;color:var( --e-global-color-872c058 );}.elementor-345 .elementor-element.elementor-element-28eb346 .elementor-heading-title{font-size:20px;text-transform:uppercase;color:var( --e-global-color-872c058 );}.elementor-345 .elementor-element.elementor-element-efe7858{margin-top:50px;margin-bottom:50px;padding:0px 0px 0px 0px;}.elementor-345 .elementor-element.elementor-element-a5e362e .elementor-heading-title{font-size:20px;text-transform:uppercase;color:var( --e-global-color-872c058 );}:root{--page-title-display:none;}@media(min-width:768px){.elementor-345 .elementor-element.elementor-element-bee09f2{width:43.246%;}.elementor-345 .elementor-element.elementor-element-616a9c3{width:56.754%;}}<\/style>\t\t<div data-elementor-type=\"wp-page\" data-elementor-id=\"345\" class=\"elementor elementor-345\" data-elementor-post-type=\"page\">\n\t\t\t\t\t\t<section class=\"elementor-section elementor-top-section elementor-element elementor-element-7e7a685 elementor-section-boxed elementor-section-height-default elementor-section-height-default\" data-id=\"7e7a685\" data-element_type=\"section\" data-e-type=\"section\">\n\t\t\t\t\t\t<div class=\"elementor-container elementor-column-gap-default\">\n\t\t\t\t\t<div class=\"elementor-column elementor-col-50 elementor-top-column elementor-element elementor-element-bee09f2\" data-id=\"bee09f2\" data-element_type=\"column\" data-e-type=\"column\">\n\t\t\t<div class=\"elementor-widget-wrap elementor-element-populated\">\n\t\t\t\t\t\t<div class=\"elementor-element elementor-element-c60a3e0 elementor-widget elementor-widget-image\" data-id=\"c60a3e0\" data-element_type=\"widget\" data-e-type=\"widget\" data-widget_type=\"image.default\">\n\t\t\t\t<div class=\"elementor-widget-container\">\n\t\t\t\t\t\t\t\t\t\t\t\t\t\t\t<img fetchpriority=\"high\" decoding=\"async\" width=\"800\" height=\"534\" src=\"https:\/\/husf.org.br\/residencia\/wp-content\/uploads\/2025\/01\/Husf-anestesiologia-1024x683.jpg\" class=\"attachment-large size-large wp-image-347\" alt=\"\" srcset=\"https:\/\/husf.org.br\/residencia\/wp-content\/uploads\/2025\/01\/Husf-anestesiologia-1024x683.jpg 1024w, https:\/\/husf.org.br\/residencia\/wp-content\/uploads\/2025\/01\/Husf-anestesiologia-300x200.jpg 300w, https:\/\/husf.org.br\/residencia\/wp-content\/uploads\/2025\/01\/Husf-anestesiologia-768x512.jpg 768w, https:\/\/husf.org.br\/residencia\/wp-content\/uploads\/2025\/01\/Husf-anestesiologia.jpg 1095w\" sizes=\"(max-width: 800px) 100vw, 800px\" \/>\t\t\t\t\t\t\t\t\t\t\t\t\t\t\t<\/div>\n\t\t\t\t<\/div>\n\t\t\t\t\t<\/div>\n\t\t<\/div>\n\t\t\t\t<div class=\"elementor-column elementor-col-50 elementor-top-column elementor-element elementor-element-616a9c3\" data-id=\"616a9c3\" data-element_type=\"column\" data-e-type=\"column\">\n\t\t\t<div class=\"elementor-widget-wrap elementor-element-populated\">\n\t\t\t\t\t\t<div class=\"elementor-element elementor-element-7d7ce73 elementor-align-left elementor-widget elementor-widget-button\" data-id=\"7d7ce73\" data-element_type=\"widget\" data-e-type=\"widget\" data-widget_type=\"button.default\">\n\t\t\t\t<div class=\"elementor-widget-container\">\n\t\t\t\t\t\t\t\t\t<div class=\"elementor-button-wrapper\">\n\t\t\t\t\t<a class=\"elementor-button elementor-button-link elementor-size-sm\" href=\"https:\/\/www.aremg.org.br\/processos-atuais\">\n\t\t\t\t\t\t<span class=\"elementor-button-content-wrapper\">\n\t\t\t\t\t\t\t\t\t<span class=\"elementor-button-text\">INSCREVA-SE<\/span>\n\t\t\t\t\t<\/span>\n\t\t\t\t\t<\/a>\n\t\t\t\t<\/div>\n\t\t\t\t\t\t\t\t<\/div>\n\t\t\t\t<\/div>\n\t\t\t\t\t<\/div>\n\t\t<\/div>\n\t\t\t\t\t<\/div>\n\t\t<\/section>\n\t\t\t\t<section class=\"elementor-section elementor-top-section elementor-element elementor-element-f439f51 elementor-section-boxed elementor-section-height-default elementor-section-height-default\" data-id=\"f439f51\" data-element_type=\"section\" data-e-type=\"section\">\n\t\t\t\t\t\t<div class=\"elementor-container elementor-column-gap-default\">\n\t\t\t\t\t<div class=\"elementor-column elementor-col-50 elementor-top-column elementor-element elementor-element-db12c25\" data-id=\"db12c25\" data-element_type=\"column\" data-e-type=\"column\">\n\t\t\t<div class=\"elementor-widget-wrap elementor-element-populated\">\n\t\t\t\t\t\t<div class=\"elementor-element elementor-element-705fe2b elementor-widget elementor-widget-heading\" data-id=\"705fe2b\" data-element_type=\"widget\" data-e-type=\"widget\" data-widget_type=\"heading.default\">\n\t\t\t\t<div class=\"elementor-widget-container\">\n\t\t\t\t\t<h2 class=\"elementor-heading-title elementor-size-default\">Supervis\u00e3o<\/h2>\t\t\t\t<\/div>\n\t\t\t\t<\/div>\n\t\t\t\t<div class=\"elementor-element elementor-element-22e5211 elementor-widget elementor-widget-text-editor\" data-id=\"22e5211\" data-element_type=\"widget\" data-e-type=\"widget\" data-widget_type=\"text-editor.default\">\n\t\t\t\t<div class=\"elementor-widget-container\">\n\t\t\t\t\t\t\t\t\t<p><strong>Supervisor:<\/strong> Lorraine Ferreira Guimar\u00e3es<br \/><strong>Suplente de supervisor:<\/strong> Felipe Rodrigues Braz<\/p>\t\t\t\t\t\t\t\t<\/div>\n\t\t\t\t<\/div>\n\t\t\t\t\t<\/div>\n\t\t<\/div>\n\t\t\t\t<div class=\"elementor-column elementor-col-50 elementor-top-column elementor-element elementor-element-3ba7e6d\" data-id=\"3ba7e6d\" data-element_type=\"column\" data-e-type=\"column\">\n\t\t\t<div class=\"elementor-widget-wrap elementor-element-populated\">\n\t\t\t\t\t\t<div class=\"elementor-element elementor-element-28eb346 elementor-widget elementor-widget-heading\" data-id=\"28eb346\" data-element_type=\"widget\" data-e-type=\"widget\" data-widget_type=\"heading.default\">\n\t\t\t\t<div class=\"elementor-widget-container\">\n\t\t\t\t\t<h2 class=\"elementor-heading-title elementor-size-default\">Especialidade Anestesiologia<\/h2>\t\t\t\t<\/div>\n\t\t\t\t<\/div>\n\t\t\t\t<div class=\"elementor-element elementor-element-efcf09f elementor-widget elementor-widget-text-editor\" data-id=\"efcf09f\" data-element_type=\"widget\" data-e-type=\"widget\" data-widget_type=\"text-editor.default\">\n\t\t\t\t<div class=\"elementor-widget-container\">\n\t\t\t\t\t\t\t\t\t<p><b>Matriz de compet\u00eancias<\/b><\/p><p><span style=\"color: #000000;\"><a style=\"color: #000000;\" href=\"https:\/\/husf.org.br\/residencia\/wp-content\/uploads\/2025\/01\/Matriz-de-competenciaAnestesiologia-1.pdf\" target=\"_blank\" rel=\"noopener\">ACESSAR MATRIZ DE COMPET\u00caNCIAS<\/a><\/span><\/p>\t\t\t\t\t\t\t\t<\/div>\n\t\t\t\t<\/div>\n\t\t\t\t\t<\/div>\n\t\t<\/div>\n\t\t\t\t\t<\/div>\n\t\t<\/section>\n\t\t\t\t<section class=\"elementor-section elementor-top-section elementor-element elementor-element-efe7858 elementor-section-boxed elementor-section-height-default elementor-section-height-default\" data-id=\"efe7858\" data-element_type=\"section\" data-e-type=\"section\">\n\t\t\t\t\t\t<div class=\"elementor-container elementor-column-gap-default\">\n\t\t\t\t\t<div class=\"elementor-column elementor-col-100 elementor-top-column elementor-element elementor-element-3ab23c2\" data-id=\"3ab23c2\" data-element_type=\"column\" data-e-type=\"column\">\n\t\t\t<div class=\"elementor-widget-wrap elementor-element-populated\">\n\t\t\t\t\t\t<div class=\"elementor-element elementor-element-a5e362e elementor-widget elementor-widget-heading\" data-id=\"a5e362e\" data-element_type=\"widget\" data-e-type=\"widget\" data-widget_type=\"heading.default\">\n\t\t\t\t<div class=\"elementor-widget-container\">\n\t\t\t\t\t<h2 class=\"elementor-heading-title elementor-size-default\">OBJETIVOS GERAIS<\/h2>\t\t\t\t<\/div>\n\t\t\t\t<\/div>\n\t\t\t\t<div class=\"elementor-element elementor-element-933c2e1 elementor-widget elementor-widget-text-editor\" data-id=\"933c2e1\" data-element_type=\"widget\" data-e-type=\"widget\" data-widget_type=\"text-editor.default\">\n\t\t\t\t<div class=\"elementor-widget-container\">\n\t\t\t\t\t\t\t\t\t<ul style=\"text-align: justify; list-style-position: inside;\"><li><strong>Prover assist\u00eancia anest\u00e9sica de alta qualidade:<\/strong> capacitar o m\u00e9dico a realizar procedimentos anest\u00e9sicos de maneira segura e eficaz, adaptando-se a diferentes contextos cir\u00fargicos e cl\u00ednicos, sempre com foco na seguran\u00e7a e bem-estar do paciente.<br \/><br \/><\/li><li><strong>Desenvolver conhecimento t\u00e9cnico e cient\u00edfico:<\/strong> promover uma s\u00f3lida forma\u00e7\u00e3o te\u00f3rica e pr\u00e1tica em anestesiologia, incluindo farmacologia, fisiologia e t\u00e9cnicas anest\u00e9sicas, al\u00e9m de incentivar a busca cont\u00ednua por novos conhecimentos cient\u00edficos.<br \/><br \/><\/li><li><strong>Aprimorar habilidades de comunica\u00e7\u00e3o e trabalho em equipe:<\/strong> preparar o m\u00e9dico para se comunicar eficazmente com pacientes, familiares e membros da equipe multiprofissional, garantindo um ambiente colaborativo e centrado no paciente.<br \/><br \/><\/li><li><strong>Fomentar a tomada de decis\u00e3o cr\u00edtica:<\/strong> desenvolver a capacidade de avaliar rapidamente situa\u00e7\u00f5es cl\u00ednicas e tomar decis\u00f5es informadas e eficazes em situa\u00e7\u00f5es de emerg\u00eancia ou complexidade.<br \/><br \/><\/li><li><strong>Promover a \u00c9tica e a empatia na pr\u00e1tica m\u00e9dica:<\/strong> garantir que o m\u00e9dico anestesiologista opere com os mais altos padr\u00f5es \u00e9ticos, demonstrando empatia e respeito em todas as intera\u00e7\u00f5es com pacientes e colegas.<br \/><br \/><\/li><li><strong>Incentivar a educa\u00e7\u00e3o m\u00e9dica continuada:<\/strong> estimular uma cultura de aprendizado cont\u00ednuo e autoavalia\u00e7\u00e3o, para que o anestesiologista permane\u00e7a atualizado com as melhores pr\u00e1ticas e inova\u00e7\u00f5es na \u00e1rea.<br \/><br \/><\/li><li><strong>Desenvolver compet\u00eancias em manejo da dor e cuidados cr\u00edticos:<\/strong> preparar o m\u00e9dico para atuar em situa\u00e7\u00f5es de manejo da dor aguda e cr\u00f4nica, assim como em ambientes de cuidados cr\u00edticos e intensivos.<\/li><\/ul>\t\t\t\t\t\t\t\t<\/div>\n\t\t\t\t<\/div>\n\t\t\t\t\t<\/div>\n\t\t<\/div>\n\t\t\t\t\t<\/div>\n\t\t<\/section>\n\t\t\t\t<\/div>\n\t\t","protected":false},"excerpt":{"rendered":"<p>INSCREVA-SE Supervis\u00e3o Supervisor: Lorraine Ferreira Guimar\u00e3esSuplente de supervisor: Felipe Rodrigues Braz Especialidade Anestesiologia Matriz de compet\u00eancias ACESSAR MATRIZ DE COMPET\u00caNCIAS OBJETIVOS GERAIS Prover assist\u00eancia anest\u00e9sica de alta qualidade: capacitar o m\u00e9dico a realizar procedimentos anest\u00e9sicos de maneira segura e eficaz, adaptando-se a diferentes contextos cir\u00fargicos e cl\u00ednicos, sempre com foco na seguran\u00e7a e bem-estar do [&hellip;]<\/p>\n","protected":false},"author":1,"featured_media":0,"parent":0,"menu_order":0,"comment_status":"closed","ping_status":"closed","template":"","meta":{"footnotes":""},"class_list":["post-345","page","type-page","status-publish","hentry"],"_links":{"self":[{"href":"https:\/\/husf.org.br\/residencia\/wp-json\/wp\/v2\/pages\/345","targetHints":{"allow":["GET"]}}],"collection":[{"href":"https:\/\/husf.org.br\/residencia\/wp-json\/wp\/v2\/pages"}],"about":[{"href":"https:\/\/husf.org.br\/residencia\/wp-json\/wp\/v2\/types\/page"}],"author":[{"embeddable":true,"href":"https:\/\/husf.org.br\/residencia\/wp-json\/wp\/v2\/users\/1"}],"replies":[{"embeddable":true,"href":"https:\/\/husf.org.br\/residencia\/wp-json\/wp\/v2\/comments?post=345"}],"version-history":[{"count":41,"href":"https:\/\/husf.org.br\/residencia\/wp-json\/wp\/v2\/pages\/345\/revisions"}],"predecessor-version":[{"id":921,"href":"https:\/\/husf.org.br\/residencia\/wp-json\/wp\/v2\/pages\/345\/revisions\/921"}],"wp:attachment":[{"href":"https:\/\/husf.org.br\/residencia\/wp-json\/wp\/v2\/media?parent=345"}],"curies":[{"name":"wp","href":"https:\/\/api.w.org\/{rel}","templated":true}]}}