{"id":891,"date":"2026-02-09T23:36:59","date_gmt":"2026-02-09T23:36:59","guid":{"rendered":"https:\/\/husf.org.br\/residencia\/?page_id=891"},"modified":"2026-02-11T13:48:41","modified_gmt":"2026-02-11T13:48:41","slug":"ortopedia-e-traumatologia","status":"publish","type":"page","link":"https:\/\/husf.org.br\/residencia\/ortopedia-e-traumatologia\/","title":{"rendered":"Ortopedia e Traumatologia"},"content":{"rendered":"<style>.elementor-891 .elementor-element.elementor-element-ad2fcff{margin-top:50px;margin-bottom:50px;padding:0px 0px 0px 0px;}.elementor-891 .elementor-element.elementor-element-efec795 .elementor-button{font-size:20px;font-weight:600;text-decoration:none;fill:#FFFFFF;color:#FFFFFF;background-color:var( --e-global-color-872c058 );}.elementor-891 .elementor-element.elementor-element-efec795 > .elementor-widget-container{margin:0px 0px 40px 0px;}.elementor-891 .elementor-element.elementor-element-b47868c{margin-top:50px;margin-bottom:50px;padding:0px 0px 0px 0px;}.elementor-891 .elementor-element.elementor-element-48e3d6d .elementor-heading-title{font-size:20px;text-transform:uppercase;color:var( --e-global-color-872c058 );}.elementor-891 .elementor-element.elementor-element-15b6ed7 .elementor-heading-title{font-size:20px;text-transform:uppercase;color:var( --e-global-color-872c058 );}.elementor-891 .elementor-element.elementor-element-0b4fa9e{margin-top:50px;margin-bottom:50px;padding:0px 0px 0px 0px;}.elementor-891 .elementor-element.elementor-element-e988c70 .elementor-heading-title{font-size:20px;text-transform:uppercase;color:var( --e-global-color-872c058 );}:root{--page-title-display:none;}@media(min-width:768px){.elementor-891 .elementor-element.elementor-element-7f47d70{width:43.246%;}.elementor-891 .elementor-element.elementor-element-51d6424{width:56.754%;}}<\/style>\t\t<div data-elementor-type=\"wp-page\" data-elementor-id=\"891\" class=\"elementor elementor-891\" data-elementor-post-type=\"page\">\n\t\t\t\t\t\t<section class=\"elementor-section elementor-top-section elementor-element elementor-element-ad2fcff elementor-section-boxed elementor-section-height-default elementor-section-height-default\" data-id=\"ad2fcff\" data-element_type=\"section\" data-e-type=\"section\">\n\t\t\t\t\t\t<div class=\"elementor-container elementor-column-gap-default\">\n\t\t\t\t\t<div class=\"elementor-column elementor-col-50 elementor-top-column elementor-element elementor-element-7f47d70\" data-id=\"7f47d70\" data-element_type=\"column\" data-e-type=\"column\">\n\t\t\t<div class=\"elementor-widget-wrap elementor-element-populated\">\n\t\t\t\t\t\t<div class=\"elementor-element elementor-element-e5a5f1d elementor-widget elementor-widget-image\" data-id=\"e5a5f1d\" data-element_type=\"widget\" data-e-type=\"widget\" data-widget_type=\"image.default\">\n\t\t\t\t<div class=\"elementor-widget-container\">\n\t\t\t\t\t\t\t\t\t\t\t\t\t\t\t<img fetchpriority=\"high\" decoding=\"async\" width=\"800\" height=\"534\" src=\"https:\/\/husf.org.br\/residencia\/wp-content\/uploads\/2026\/02\/Ortopedia-1024x683.jpg\" class=\"attachment-large size-large wp-image-864\" alt=\"\" srcset=\"https:\/\/husf.org.br\/residencia\/wp-content\/uploads\/2026\/02\/Ortopedia-1024x683.jpg 1024w, https:\/\/husf.org.br\/residencia\/wp-content\/uploads\/2026\/02\/Ortopedia-300x200.jpg 300w, https:\/\/husf.org.br\/residencia\/wp-content\/uploads\/2026\/02\/Ortopedia-768x512.jpg 768w, https:\/\/husf.org.br\/residencia\/wp-content\/uploads\/2026\/02\/Ortopedia.jpg 1170w\" sizes=\"(max-width: 800px) 100vw, 800px\" \/>\t\t\t\t\t\t\t\t\t\t\t\t\t\t\t<\/div>\n\t\t\t\t<\/div>\n\t\t\t\t\t<\/div>\n\t\t<\/div>\n\t\t\t\t<div class=\"elementor-column elementor-col-50 elementor-top-column elementor-element elementor-element-51d6424\" data-id=\"51d6424\" data-element_type=\"column\" data-e-type=\"column\">\n\t\t\t<div class=\"elementor-widget-wrap elementor-element-populated\">\n\t\t\t\t\t\t<div class=\"elementor-element elementor-element-efec795 elementor-align-left elementor-widget elementor-widget-button\" data-id=\"efec795\" data-element_type=\"widget\" data-e-type=\"widget\" data-widget_type=\"button.default\">\n\t\t\t\t<div class=\"elementor-widget-container\">\n\t\t\t\t\t\t\t\t\t<div class=\"elementor-button-wrapper\">\n\t\t\t\t\t<a class=\"elementor-button elementor-button-link elementor-size-sm\" href=\"https:\/\/www.aremg.org.br\/processos-atuais\">\n\t\t\t\t\t\t<span class=\"elementor-button-content-wrapper\">\n\t\t\t\t\t\t\t\t\t<span class=\"elementor-button-text\">INSCREVA-SE<\/span>\n\t\t\t\t\t<\/span>\n\t\t\t\t\t<\/a>\n\t\t\t\t<\/div>\n\t\t\t\t\t\t\t\t<\/div>\n\t\t\t\t<\/div>\n\t\t\t\t\t<\/div>\n\t\t<\/div>\n\t\t\t\t\t<\/div>\n\t\t<\/section>\n\t\t\t\t<section class=\"elementor-section elementor-top-section elementor-element elementor-element-b47868c elementor-section-boxed elementor-section-height-default elementor-section-height-default\" data-id=\"b47868c\" data-element_type=\"section\" data-e-type=\"section\">\n\t\t\t\t\t\t<div class=\"elementor-container elementor-column-gap-default\">\n\t\t\t\t\t<div class=\"elementor-column elementor-col-50 elementor-top-column elementor-element elementor-element-989fc39\" data-id=\"989fc39\" data-element_type=\"column\" data-e-type=\"column\">\n\t\t\t<div class=\"elementor-widget-wrap elementor-element-populated\">\n\t\t\t\t\t\t<div class=\"elementor-element elementor-element-48e3d6d elementor-widget elementor-widget-heading\" data-id=\"48e3d6d\" data-element_type=\"widget\" data-e-type=\"widget\" data-widget_type=\"heading.default\">\n\t\t\t\t<div class=\"elementor-widget-container\">\n\t\t\t\t\t<h2 class=\"elementor-heading-title elementor-size-default\">Supervis\u00e3o<\/h2>\t\t\t\t<\/div>\n\t\t\t\t<\/div>\n\t\t\t\t<div class=\"elementor-element elementor-element-1811184 elementor-widget elementor-widget-text-editor\" data-id=\"1811184\" data-element_type=\"widget\" data-e-type=\"widget\" data-widget_type=\"text-editor.default\">\n\t\t\t\t<div class=\"elementor-widget-container\">\n\t\t\t\t\t\t\t\t\t<p><b>Supervisor<\/b><span style=\"font-weight: 400;\"> \u2013 Alesson Filipi Bernini<\/span><span style=\"font-weight: 400;\"><br \/><\/span><b>Suplente de supervisor<\/b><span style=\"font-weight: 400;\"> \u2013 Tiago Gon\u00e7alves Machado<\/span><\/p>\t\t\t\t\t\t\t\t<\/div>\n\t\t\t\t<\/div>\n\t\t\t\t\t<\/div>\n\t\t<\/div>\n\t\t\t\t<div class=\"elementor-column elementor-col-50 elementor-top-column elementor-element elementor-element-704528b\" data-id=\"704528b\" data-element_type=\"column\" data-e-type=\"column\">\n\t\t\t<div class=\"elementor-widget-wrap elementor-element-populated\">\n\t\t\t\t\t\t<div class=\"elementor-element elementor-element-15b6ed7 elementor-widget elementor-widget-heading\" data-id=\"15b6ed7\" data-element_type=\"widget\" data-e-type=\"widget\" data-widget_type=\"heading.default\">\n\t\t\t\t<div class=\"elementor-widget-container\">\n\t\t\t\t\t<h2 class=\"elementor-heading-title elementor-size-default\">Especialidade de Cl\u00ednica M\u00e9dica<\/h2>\t\t\t\t<\/div>\n\t\t\t\t<\/div>\n\t\t\t\t<div class=\"elementor-element elementor-element-5dd60b2 elementor-widget elementor-widget-text-editor\" data-id=\"5dd60b2\" data-element_type=\"widget\" data-e-type=\"widget\" data-widget_type=\"text-editor.default\">\n\t\t\t\t<div class=\"elementor-widget-container\">\n\t\t\t\t\t\t\t\t\t<p><b>Matriz de compet\u00eancias<\/b><\/p><p><strong><span style=\"color: #000000;\"><a style=\"color: #000000;\" href=\"https:\/\/husf.org.br\/residencia\/wp-content\/uploads\/2026\/02\/Matriz-Ortopedia-e-Traumatologia.pdf\" target=\"_blank\" rel=\"noopener\">ACESSAR MATRIZ DE COMPET\u00caNCIAS<\/a><\/span><\/strong><\/p>\t\t\t\t\t\t\t\t<\/div>\n\t\t\t\t<\/div>\n\t\t\t\t\t<\/div>\n\t\t<\/div>\n\t\t\t\t\t<\/div>\n\t\t<\/section>\n\t\t\t\t<section class=\"elementor-section elementor-top-section elementor-element elementor-element-0b4fa9e elementor-section-boxed elementor-section-height-default elementor-section-height-default\" data-id=\"0b4fa9e\" data-element_type=\"section\" data-e-type=\"section\">\n\t\t\t\t\t\t<div class=\"elementor-container elementor-column-gap-default\">\n\t\t\t\t\t<div class=\"elementor-column elementor-col-100 elementor-top-column elementor-element elementor-element-749864f\" data-id=\"749864f\" data-element_type=\"column\" data-e-type=\"column\">\n\t\t\t<div class=\"elementor-widget-wrap elementor-element-populated\">\n\t\t\t\t\t\t<div class=\"elementor-element elementor-element-e988c70 elementor-widget elementor-widget-heading\" data-id=\"e988c70\" data-element_type=\"widget\" data-e-type=\"widget\" data-widget_type=\"heading.default\">\n\t\t\t\t<div class=\"elementor-widget-container\">\n\t\t\t\t\t<h2 class=\"elementor-heading-title elementor-size-default\">OBJETIVOS GERAIS<\/h2>\t\t\t\t<\/div>\n\t\t\t\t<\/div>\n\t\t\t\t<div class=\"elementor-element elementor-element-197d775 elementor-widget elementor-widget-text-editor\" data-id=\"197d775\" data-element_type=\"widget\" data-e-type=\"widget\" data-widget_type=\"text-editor.default\">\n\t\t\t\t<div class=\"elementor-widget-container\">\n\t\t\t\t\t\t\t\t\t<p><span style=\"font-weight: 400;\">A Resid\u00eancia M\u00e9dica em Ortopedia e Traumatologia tem como objetivo formar especialistas aptos a atuar no diagn\u00f3stico, tratamento e reabilita\u00e7\u00e3o das afec\u00e7\u00f5es do sistema locomotor, abrangendo patologias degenerativas, cong\u00eanitas e traum\u00e1ticas, inclusive em cen\u00e1rios de m\u00e9dia e alta complexidade.\u00a0\u00a0<\/span><\/p><p><span style=\"font-weight: 400;\"><strong>O PRM busca capacitar o m\u00e9dico residente para:\u00a0<\/strong>\u00a0<\/span><\/p><ul><li style=\"font-weight: 400;\" aria-level=\"1\"><span style=\"font-weight: 400;\">Desenvolver dom\u00ednio de habilidades cir\u00fargicas e conservadoras no manejo de fraturas, les\u00f5es ligamentares, tend\u00edneas, esportivas e doen\u00e7as osteoarticulares, com foco na restaura\u00e7\u00e3o funcional.\u00a0\u00a0<\/span><\/li><li style=\"font-weight: 400;\" aria-level=\"1\"><span style=\"font-weight: 400;\">Atuar com agilidade e precis\u00e3o no atendimento ao trauma musculoesquel\u00e9tico, integrando equipes multiprofissionais em ambientes de urg\u00eancia e emerg\u00eancia<\/span><\/li><li style=\"font-weight: 400;\" aria-level=\"1\"><span style=\"font-weight: 400;\">Aprimorar o racioc\u00ednio cl\u00ednico e a correla\u00e7\u00e3o cl\u00ednico-radiol\u00f3gica aplicada \u00e0s patologias ortop\u00e9dicas.\u00a0\u00a0<\/span><\/li><li style=\"font-weight: 400;\" aria-level=\"1\"><span style=\"font-weight: 400;\">Exercer a pr\u00e1tica profissional fundamentada em princ\u00edpios \u00e9ticos, seguran\u00e7a do paciente e reabilita\u00e7\u00e3o funcional orientada por evid\u00eancias.<\/span><\/li><\/ul>\t\t\t\t\t\t\t\t<\/div>\n\t\t\t\t<\/div>\n\t\t\t\t\t<\/div>\n\t\t<\/div>\n\t\t\t\t\t<\/div>\n\t\t<\/section>\n\t\t\t\t<\/div>\n\t\t","protected":false},"excerpt":{"rendered":"<p>INSCREVA-SE Supervis\u00e3o Supervisor \u2013 Alesson Filipi BerniniSuplente de supervisor \u2013 Tiago Gon\u00e7alves Machado Especialidade de Cl\u00ednica M\u00e9dica Matriz de compet\u00eancias ACESSAR MATRIZ DE COMPET\u00caNCIAS OBJETIVOS GERAIS A Resid\u00eancia M\u00e9dica em Ortopedia e Traumatologia tem como objetivo formar especialistas aptos a atuar no diagn\u00f3stico, tratamento e reabilita\u00e7\u00e3o das afec\u00e7\u00f5es do sistema locomotor, abrangendo patologias degenerativas, cong\u00eanitas [&hellip;]<\/p>\n","protected":false},"author":1,"featured_media":0,"parent":0,"menu_order":0,"comment_status":"closed","ping_status":"closed","template":"","meta":{"footnotes":""},"class_list":["post-891","page","type-page","status-publish","hentry"],"_links":{"self":[{"href":"https:\/\/husf.org.br\/residencia\/wp-json\/wp\/v2\/pages\/891","targetHints":{"allow":["GET"]}}],"collection":[{"href":"https:\/\/husf.org.br\/residencia\/wp-json\/wp\/v2\/pages"}],"about":[{"href":"https:\/\/husf.org.br\/residencia\/wp-json\/wp\/v2\/types\/page"}],"author":[{"embeddable":true,"href":"https:\/\/husf.org.br\/residencia\/wp-json\/wp\/v2\/users\/1"}],"replies":[{"embeddable":true,"href":"https:\/\/husf.org.br\/residencia\/wp-json\/wp\/v2\/comments?post=891"}],"version-history":[{"count":10,"href":"https:\/\/husf.org.br\/residencia\/wp-json\/wp\/v2\/pages\/891\/revisions"}],"predecessor-version":[{"id":944,"href":"https:\/\/husf.org.br\/residencia\/wp-json\/wp\/v2\/pages\/891\/revisions\/944"}],"wp:attachment":[{"href":"https:\/\/husf.org.br\/residencia\/wp-json\/wp\/v2\/media?parent=891"}],"curies":[{"name":"wp","href":"https:\/\/api.w.org\/{rel}","templated":true}]}}