{"id":896,"date":"2026-02-09T23:39:54","date_gmt":"2026-02-09T23:39:54","guid":{"rendered":"https:\/\/husf.org.br\/residencia\/?page_id=896"},"modified":"2026-02-11T13:49:16","modified_gmt":"2026-02-11T13:49:16","slug":"oftalmologia","status":"publish","type":"page","link":"https:\/\/husf.org.br\/residencia\/oftalmologia\/","title":{"rendered":"Oftalmologia"},"content":{"rendered":"<style>.elementor-896 .elementor-element.elementor-element-5001f69{margin-top:50px;margin-bottom:50px;padding:0px 0px 0px 0px;}.elementor-896 .elementor-element.elementor-element-742c131 .elementor-button{font-size:20px;font-weight:600;text-decoration:none;fill:#FFFFFF;color:#FFFFFF;background-color:var( --e-global-color-872c058 );}.elementor-896 .elementor-element.elementor-element-742c131 > .elementor-widget-container{margin:0px 0px 40px 0px;}.elementor-896 .elementor-element.elementor-element-5d504a0{margin-top:50px;margin-bottom:50px;padding:0px 0px 0px 0px;}.elementor-896 .elementor-element.elementor-element-7781716 .elementor-heading-title{font-size:20px;text-transform:uppercase;color:var( --e-global-color-872c058 );}.elementor-896 .elementor-element.elementor-element-d415783 .elementor-heading-title{font-size:20px;text-transform:uppercase;color:var( --e-global-color-872c058 );}.elementor-896 .elementor-element.elementor-element-9504c5e{margin-top:50px;margin-bottom:50px;padding:0px 0px 0px 0px;}.elementor-896 .elementor-element.elementor-element-ff61a27 .elementor-heading-title{font-size:20px;text-transform:uppercase;color:var( --e-global-color-872c058 );}:root{--page-title-display:none;}@media(min-width:768px){.elementor-896 .elementor-element.elementor-element-3325ace{width:43.246%;}.elementor-896 .elementor-element.elementor-element-bb1dd01{width:56.754%;}}<\/style>\t\t<div data-elementor-type=\"wp-page\" data-elementor-id=\"896\" class=\"elementor elementor-896\" data-elementor-post-type=\"page\">\n\t\t\t\t\t\t<section class=\"elementor-section elementor-top-section elementor-element elementor-element-5001f69 elementor-section-boxed elementor-section-height-default elementor-section-height-default\" data-id=\"5001f69\" data-element_type=\"section\" data-e-type=\"section\">\n\t\t\t\t\t\t<div class=\"elementor-container elementor-column-gap-default\">\n\t\t\t\t\t<div class=\"elementor-column elementor-col-50 elementor-top-column elementor-element elementor-element-3325ace\" data-id=\"3325ace\" data-element_type=\"column\" data-e-type=\"column\">\n\t\t\t<div class=\"elementor-widget-wrap elementor-element-populated\">\n\t\t\t\t\t\t<div class=\"elementor-element elementor-element-d4ece3d elementor-widget elementor-widget-image\" data-id=\"d4ece3d\" data-element_type=\"widget\" data-e-type=\"widget\" data-widget_type=\"image.default\">\n\t\t\t\t<div class=\"elementor-widget-container\">\n\t\t\t\t\t\t\t\t\t\t\t\t\t\t\t<img fetchpriority=\"high\" decoding=\"async\" width=\"800\" height=\"534\" src=\"https:\/\/husf.org.br\/residencia\/wp-content\/uploads\/2026\/02\/Oftalmo-1-1024x683.jpg\" class=\"attachment-large size-large wp-image-881\" alt=\"\" srcset=\"https:\/\/husf.org.br\/residencia\/wp-content\/uploads\/2026\/02\/Oftalmo-1-1024x683.jpg 1024w, https:\/\/husf.org.br\/residencia\/wp-content\/uploads\/2026\/02\/Oftalmo-1-300x200.jpg 300w, https:\/\/husf.org.br\/residencia\/wp-content\/uploads\/2026\/02\/Oftalmo-1-768x512.jpg 768w, https:\/\/husf.org.br\/residencia\/wp-content\/uploads\/2026\/02\/Oftalmo-1.jpg 1170w\" sizes=\"(max-width: 800px) 100vw, 800px\" \/>\t\t\t\t\t\t\t\t\t\t\t\t\t\t\t<\/div>\n\t\t\t\t<\/div>\n\t\t\t\t\t<\/div>\n\t\t<\/div>\n\t\t\t\t<div class=\"elementor-column elementor-col-50 elementor-top-column elementor-element elementor-element-bb1dd01\" data-id=\"bb1dd01\" data-element_type=\"column\" data-e-type=\"column\">\n\t\t\t<div class=\"elementor-widget-wrap elementor-element-populated\">\n\t\t\t\t\t\t<div class=\"elementor-element elementor-element-742c131 elementor-align-left elementor-widget elementor-widget-button\" data-id=\"742c131\" data-element_type=\"widget\" data-e-type=\"widget\" data-widget_type=\"button.default\">\n\t\t\t\t<div class=\"elementor-widget-container\">\n\t\t\t\t\t\t\t\t\t<div class=\"elementor-button-wrapper\">\n\t\t\t\t\t<a class=\"elementor-button elementor-button-link elementor-size-sm\" href=\"https:\/\/www.aremg.org.br\/processos-atuais\">\n\t\t\t\t\t\t<span class=\"elementor-button-content-wrapper\">\n\t\t\t\t\t\t\t\t\t<span class=\"elementor-button-text\">INSCREVA-SE<\/span>\n\t\t\t\t\t<\/span>\n\t\t\t\t\t<\/a>\n\t\t\t\t<\/div>\n\t\t\t\t\t\t\t\t<\/div>\n\t\t\t\t<\/div>\n\t\t\t\t\t<\/div>\n\t\t<\/div>\n\t\t\t\t\t<\/div>\n\t\t<\/section>\n\t\t\t\t<section class=\"elementor-section elementor-top-section elementor-element elementor-element-5d504a0 elementor-section-boxed elementor-section-height-default elementor-section-height-default\" data-id=\"5d504a0\" data-element_type=\"section\" data-e-type=\"section\">\n\t\t\t\t\t\t<div class=\"elementor-container elementor-column-gap-default\">\n\t\t\t\t\t<div class=\"elementor-column elementor-col-50 elementor-top-column elementor-element elementor-element-84d0bc1\" data-id=\"84d0bc1\" data-element_type=\"column\" data-e-type=\"column\">\n\t\t\t<div class=\"elementor-widget-wrap elementor-element-populated\">\n\t\t\t\t\t\t<div class=\"elementor-element elementor-element-7781716 elementor-widget elementor-widget-heading\" data-id=\"7781716\" data-element_type=\"widget\" data-e-type=\"widget\" data-widget_type=\"heading.default\">\n\t\t\t\t<div class=\"elementor-widget-container\">\n\t\t\t\t\t<h2 class=\"elementor-heading-title elementor-size-default\">Supervis\u00e3o<\/h2>\t\t\t\t<\/div>\n\t\t\t\t<\/div>\n\t\t\t\t<div class=\"elementor-element elementor-element-ea18344 elementor-widget elementor-widget-text-editor\" data-id=\"ea18344\" data-element_type=\"widget\" data-e-type=\"widget\" data-widget_type=\"text-editor.default\">\n\t\t\t\t<div class=\"elementor-widget-container\">\n\t\t\t\t\t\t\t\t\t<p><b>Supervisor<\/b><span style=\"font-weight: 400;\"> \u2013 Pedro H\u00e9lio Estevam Ribeiro J\u00fanior<\/span><span style=\"font-weight: 400;\"><br \/><\/span><b>Suplente de supervisor<\/b><span style=\"font-weight: 400;\"> \u2013 Rafael Rocha de Oliveira<\/span><\/p>\t\t\t\t\t\t\t\t<\/div>\n\t\t\t\t<\/div>\n\t\t\t\t\t<\/div>\n\t\t<\/div>\n\t\t\t\t<div class=\"elementor-column elementor-col-50 elementor-top-column elementor-element elementor-element-9ae68f8\" data-id=\"9ae68f8\" data-element_type=\"column\" data-e-type=\"column\">\n\t\t\t<div class=\"elementor-widget-wrap elementor-element-populated\">\n\t\t\t\t\t\t<div class=\"elementor-element elementor-element-d415783 elementor-widget elementor-widget-heading\" data-id=\"d415783\" data-element_type=\"widget\" data-e-type=\"widget\" data-widget_type=\"heading.default\">\n\t\t\t\t<div class=\"elementor-widget-container\">\n\t\t\t\t\t<h2 class=\"elementor-heading-title elementor-size-default\">Especialidade de Cl\u00ednica M\u00e9dica<\/h2>\t\t\t\t<\/div>\n\t\t\t\t<\/div>\n\t\t\t\t<div class=\"elementor-element elementor-element-4cae47e elementor-widget elementor-widget-text-editor\" data-id=\"4cae47e\" data-element_type=\"widget\" data-e-type=\"widget\" data-widget_type=\"text-editor.default\">\n\t\t\t\t<div class=\"elementor-widget-container\">\n\t\t\t\t\t\t\t\t\t<p><b>Matriz de compet\u00eancias<\/b><\/p><p><a href=\"https:\/\/husf.org.br\/residencia\/wp-content\/uploads\/2026\/02\/Matriz-de-Competencia-Oftalmologia.pdf\" target=\"_blank\" rel=\"noopener\"><span style=\"color: #000000;\"><strong>ACESSAR MATRIZ DE COMPET\u00caNCIAS<\/strong><\/span><\/a><\/p>\t\t\t\t\t\t\t\t<\/div>\n\t\t\t\t<\/div>\n\t\t\t\t\t<\/div>\n\t\t<\/div>\n\t\t\t\t\t<\/div>\n\t\t<\/section>\n\t\t\t\t<section class=\"elementor-section elementor-top-section elementor-element elementor-element-9504c5e elementor-section-boxed elementor-section-height-default elementor-section-height-default\" data-id=\"9504c5e\" data-element_type=\"section\" data-e-type=\"section\">\n\t\t\t\t\t\t<div class=\"elementor-container elementor-column-gap-default\">\n\t\t\t\t\t<div class=\"elementor-column elementor-col-100 elementor-top-column elementor-element elementor-element-6f42c53\" data-id=\"6f42c53\" data-element_type=\"column\" data-e-type=\"column\">\n\t\t\t<div class=\"elementor-widget-wrap elementor-element-populated\">\n\t\t\t\t\t\t<div class=\"elementor-element elementor-element-ff61a27 elementor-widget elementor-widget-heading\" data-id=\"ff61a27\" data-element_type=\"widget\" data-e-type=\"widget\" data-widget_type=\"heading.default\">\n\t\t\t\t<div class=\"elementor-widget-container\">\n\t\t\t\t\t<h2 class=\"elementor-heading-title elementor-size-default\">OBJETIVOS GERAIS<\/h2>\t\t\t\t<\/div>\n\t\t\t\t<\/div>\n\t\t\t\t<div class=\"elementor-element elementor-element-493bb49 elementor-widget elementor-widget-text-editor\" data-id=\"493bb49\" data-element_type=\"widget\" data-e-type=\"widget\" data-widget_type=\"text-editor.default\">\n\t\t\t\t<div class=\"elementor-widget-container\">\n\t\t\t\t\t\t\t\t\t<p><span style=\"font-weight: 400;\">O Programa de Resid\u00eancia M\u00e9dica em Oftalmologia do HUSF visa \u00e0 forma\u00e7\u00e3o de um especialista com s\u00f3lida base cl\u00ednica e cir\u00fargica, capacitado para atuar na promo\u00e7\u00e3o, preven\u00e7\u00e3o, diagn\u00f3stico e tratamento das patologias oculares e das doen\u00e7as que comprometem a fun\u00e7\u00e3o visual.\u00a0\u00a0<\/span><\/p><p><strong>O PRM busca capacitar o m\u00e9dico residente para:\u00a0\u00a0<\/strong><\/p><ul><li style=\"font-weight: 400;\" aria-level=\"1\"><span style=\"font-weight: 400;\">Desenvolver compet\u00eancia proped\u00eautica especializada, realizando exames oftalmol\u00f3gicos completos, como refratometria, biomicroscopia, mapeamento de retina e exames complementares.\u00a0\u00a0<\/span><\/li><li style=\"font-weight: 400;\" aria-level=\"1\"><span style=\"font-weight: 400;\">Adquirir habilita\u00e7\u00e3o microcir\u00fargica progressiva para procedimentos de diferentes n\u00edveis de complexidade, incluindo cirurgias de catarata, glaucoma e anexos oculares.\u00a0\u00a0<\/span><\/li><li style=\"font-weight: 400;\" aria-level=\"1\"><span style=\"font-weight: 400;\">Atuar na promo\u00e7\u00e3o da sa\u00fade ocular e na detec\u00e7\u00e3o precoce de doen\u00e7as oftalmol\u00f3gicas.\u00a0\u00a0<\/span><\/li><li style=\"font-weight: 400;\" aria-level=\"1\"><span style=\"font-weight: 400;\">Manter atualiza\u00e7\u00e3o cient\u00edfica e tecnol\u00f3gica cont\u00ednua, acompanhando inova\u00e7\u00f5es diagn\u00f3sticas e terap\u00eauticas em Oftalmologia.\u00a0\u00a0<\/span><\/li><\/ul>\t\t\t\t\t\t\t\t<\/div>\n\t\t\t\t<\/div>\n\t\t\t\t\t<\/div>\n\t\t<\/div>\n\t\t\t\t\t<\/div>\n\t\t<\/section>\n\t\t\t\t<\/div>\n\t\t","protected":false},"excerpt":{"rendered":"<p>INSCREVA-SE Supervis\u00e3o Supervisor \u2013 Pedro H\u00e9lio Estevam Ribeiro J\u00faniorSuplente de supervisor \u2013 Rafael Rocha de Oliveira Especialidade de Cl\u00ednica M\u00e9dica Matriz de compet\u00eancias ACESSAR MATRIZ DE COMPET\u00caNCIAS OBJETIVOS GERAIS O Programa de Resid\u00eancia M\u00e9dica em Oftalmologia do HUSF visa \u00e0 forma\u00e7\u00e3o de um especialista com s\u00f3lida base cl\u00ednica e cir\u00fargica, capacitado para atuar na promo\u00e7\u00e3o, [&hellip;]<\/p>\n","protected":false},"author":1,"featured_media":0,"parent":0,"menu_order":0,"comment_status":"closed","ping_status":"closed","template":"","meta":{"footnotes":""},"class_list":["post-896","page","type-page","status-publish","hentry"],"_links":{"self":[{"href":"https:\/\/husf.org.br\/residencia\/wp-json\/wp\/v2\/pages\/896","targetHints":{"allow":["GET"]}}],"collection":[{"href":"https:\/\/husf.org.br\/residencia\/wp-json\/wp\/v2\/pages"}],"about":[{"href":"https:\/\/husf.org.br\/residencia\/wp-json\/wp\/v2\/types\/page"}],"author":[{"embeddable":true,"href":"https:\/\/husf.org.br\/residencia\/wp-json\/wp\/v2\/users\/1"}],"replies":[{"embeddable":true,"href":"https:\/\/husf.org.br\/residencia\/wp-json\/wp\/v2\/comments?post=896"}],"version-history":[{"count":8,"href":"https:\/\/husf.org.br\/residencia\/wp-json\/wp\/v2\/pages\/896\/revisions"}],"predecessor-version":[{"id":947,"href":"https:\/\/husf.org.br\/residencia\/wp-json\/wp\/v2\/pages\/896\/revisions\/947"}],"wp:attachment":[{"href":"https:\/\/husf.org.br\/residencia\/wp-json\/wp\/v2\/media?parent=896"}],"curies":[{"name":"wp","href":"https:\/\/api.w.org\/{rel}","templated":true}]}}