{"id":902,"date":"2026-02-09T23:41:22","date_gmt":"2026-02-09T23:41:22","guid":{"rendered":"https:\/\/husf.org.br\/residencia\/?page_id=902"},"modified":"2026-02-11T13:50:25","modified_gmt":"2026-02-11T13:50:25","slug":"radiologia-e-diagnostico-por-imagem","status":"publish","type":"page","link":"https:\/\/husf.org.br\/residencia\/radiologia-e-diagnostico-por-imagem\/","title":{"rendered":"Radiologia e Diagn\u00f3stico por Imagem"},"content":{"rendered":"<style>.elementor-902 .elementor-element.elementor-element-b4ef1ac{margin-top:50px;margin-bottom:50px;padding:0px 0px 0px 0px;}.elementor-902 .elementor-element.elementor-element-9e10e72 .elementor-button{font-size:20px;font-weight:600;text-decoration:none;fill:#FFFFFF;color:#FFFFFF;background-color:var( --e-global-color-872c058 );}.elementor-902 .elementor-element.elementor-element-9e10e72 > .elementor-widget-container{margin:0px 0px 40px 0px;}.elementor-902 .elementor-element.elementor-element-2d06a7d{margin-top:50px;margin-bottom:50px;padding:0px 0px 0px 0px;}.elementor-902 .elementor-element.elementor-element-c7465b4 .elementor-heading-title{font-size:20px;text-transform:uppercase;color:var( --e-global-color-872c058 );}.elementor-902 .elementor-element.elementor-element-75b915b .elementor-heading-title{font-size:20px;text-transform:uppercase;color:var( --e-global-color-872c058 );}.elementor-902 .elementor-element.elementor-element-0e06deb{text-decoration:none;}.elementor-902 .elementor-element.elementor-element-fddcc42{margin-top:50px;margin-bottom:50px;padding:0px 0px 0px 0px;}.elementor-902 .elementor-element.elementor-element-d6dee1e .elementor-heading-title{font-size:20px;text-transform:uppercase;color:var( --e-global-color-872c058 );}:root{--page-title-display:none;}@media(min-width:768px){.elementor-902 .elementor-element.elementor-element-88ae129{width:43.246%;}.elementor-902 .elementor-element.elementor-element-e0ea84b{width:56.754%;}}<\/style>\t\t<div data-elementor-type=\"wp-page\" data-elementor-id=\"902\" class=\"elementor elementor-902\" data-elementor-post-type=\"page\">\n\t\t\t\t\t\t<section class=\"elementor-section elementor-top-section elementor-element elementor-element-b4ef1ac elementor-section-boxed elementor-section-height-default elementor-section-height-default\" data-id=\"b4ef1ac\" data-element_type=\"section\" data-e-type=\"section\">\n\t\t\t\t\t\t<div class=\"elementor-container elementor-column-gap-default\">\n\t\t\t\t\t<div class=\"elementor-column elementor-col-50 elementor-top-column elementor-element elementor-element-88ae129\" data-id=\"88ae129\" data-element_type=\"column\" data-e-type=\"column\">\n\t\t\t<div class=\"elementor-widget-wrap elementor-element-populated\">\n\t\t\t\t\t\t<div class=\"elementor-element elementor-element-1225978 elementor-widget elementor-widget-image\" data-id=\"1225978\" data-element_type=\"widget\" data-e-type=\"widget\" data-widget_type=\"image.default\">\n\t\t\t\t<div class=\"elementor-widget-container\">\n\t\t\t\t\t\t\t\t\t\t\t\t\t\t\t<img fetchpriority=\"high\" decoding=\"async\" width=\"800\" height=\"534\" src=\"https:\/\/husf.org.br\/residencia\/wp-content\/uploads\/2026\/02\/Radiologia-1024x683.jpg\" class=\"attachment-large size-large wp-image-865\" alt=\"\" srcset=\"https:\/\/husf.org.br\/residencia\/wp-content\/uploads\/2026\/02\/Radiologia-1024x683.jpg 1024w, https:\/\/husf.org.br\/residencia\/wp-content\/uploads\/2026\/02\/Radiologia-300x200.jpg 300w, https:\/\/husf.org.br\/residencia\/wp-content\/uploads\/2026\/02\/Radiologia-768x512.jpg 768w, https:\/\/husf.org.br\/residencia\/wp-content\/uploads\/2026\/02\/Radiologia.jpg 1170w\" sizes=\"(max-width: 800px) 100vw, 800px\" \/>\t\t\t\t\t\t\t\t\t\t\t\t\t\t\t<\/div>\n\t\t\t\t<\/div>\n\t\t\t\t\t<\/div>\n\t\t<\/div>\n\t\t\t\t<div class=\"elementor-column elementor-col-50 elementor-top-column elementor-element elementor-element-e0ea84b\" data-id=\"e0ea84b\" data-element_type=\"column\" data-e-type=\"column\">\n\t\t\t<div class=\"elementor-widget-wrap elementor-element-populated\">\n\t\t\t\t\t\t<div class=\"elementor-element elementor-element-9e10e72 elementor-align-left elementor-widget elementor-widget-button\" data-id=\"9e10e72\" data-element_type=\"widget\" data-e-type=\"widget\" data-widget_type=\"button.default\">\n\t\t\t\t<div class=\"elementor-widget-container\">\n\t\t\t\t\t\t\t\t\t<div class=\"elementor-button-wrapper\">\n\t\t\t\t\t<a class=\"elementor-button elementor-button-link elementor-size-sm\" href=\"https:\/\/www.aremg.org.br\/processos-atuais\">\n\t\t\t\t\t\t<span class=\"elementor-button-content-wrapper\">\n\t\t\t\t\t\t\t\t\t<span class=\"elementor-button-text\">INSCREVA-SE<\/span>\n\t\t\t\t\t<\/span>\n\t\t\t\t\t<\/a>\n\t\t\t\t<\/div>\n\t\t\t\t\t\t\t\t<\/div>\n\t\t\t\t<\/div>\n\t\t\t\t\t<\/div>\n\t\t<\/div>\n\t\t\t\t\t<\/div>\n\t\t<\/section>\n\t\t\t\t<section class=\"elementor-section elementor-top-section elementor-element elementor-element-2d06a7d elementor-section-boxed elementor-section-height-default elementor-section-height-default\" data-id=\"2d06a7d\" data-element_type=\"section\" data-e-type=\"section\">\n\t\t\t\t\t\t<div class=\"elementor-container elementor-column-gap-default\">\n\t\t\t\t\t<div class=\"elementor-column elementor-col-50 elementor-top-column elementor-element elementor-element-55540d4\" data-id=\"55540d4\" data-element_type=\"column\" data-e-type=\"column\">\n\t\t\t<div class=\"elementor-widget-wrap elementor-element-populated\">\n\t\t\t\t\t\t<div class=\"elementor-element elementor-element-c7465b4 elementor-widget elementor-widget-heading\" data-id=\"c7465b4\" data-element_type=\"widget\" data-e-type=\"widget\" data-widget_type=\"heading.default\">\n\t\t\t\t<div class=\"elementor-widget-container\">\n\t\t\t\t\t<h2 class=\"elementor-heading-title elementor-size-default\">Supervis\u00e3o<\/h2>\t\t\t\t<\/div>\n\t\t\t\t<\/div>\n\t\t\t\t<div class=\"elementor-element elementor-element-b07eb26 elementor-widget elementor-widget-text-editor\" data-id=\"b07eb26\" data-element_type=\"widget\" data-e-type=\"widget\" data-widget_type=\"text-editor.default\">\n\t\t\t\t<div class=\"elementor-widget-container\">\n\t\t\t\t\t\t\t\t\t<p><b>Supervisor<\/b><span style=\"font-weight: 400;\"> \u2013 Paulo Ivan Ferreira Guimar\u00e3es J\u00fanior<\/span><span style=\"font-weight: 400;\"><br \/><\/span><b>Suplente de supervisor<\/b><span style=\"font-weight: 400;\"> \u2013 Ana Fl\u00e1via da Cunha Rezende<\/span><\/p>\t\t\t\t\t\t\t\t<\/div>\n\t\t\t\t<\/div>\n\t\t\t\t\t<\/div>\n\t\t<\/div>\n\t\t\t\t<div class=\"elementor-column elementor-col-50 elementor-top-column elementor-element elementor-element-0c1a383\" data-id=\"0c1a383\" data-element_type=\"column\" data-e-type=\"column\">\n\t\t\t<div class=\"elementor-widget-wrap elementor-element-populated\">\n\t\t\t\t\t\t<div class=\"elementor-element elementor-element-75b915b elementor-widget elementor-widget-heading\" data-id=\"75b915b\" data-element_type=\"widget\" data-e-type=\"widget\" data-widget_type=\"heading.default\">\n\t\t\t\t<div class=\"elementor-widget-container\">\n\t\t\t\t\t<h2 class=\"elementor-heading-title elementor-size-default\">Especialidade de Cl\u00ednica M\u00e9dica<\/h2>\t\t\t\t<\/div>\n\t\t\t\t<\/div>\n\t\t\t\t<div class=\"elementor-element elementor-element-0e06deb elementor-widget elementor-widget-text-editor\" data-id=\"0e06deb\" data-element_type=\"widget\" data-e-type=\"widget\" data-widget_type=\"text-editor.default\">\n\t\t\t\t<div class=\"elementor-widget-container\">\n\t\t\t\t\t\t\t\t\t<p><b>Matriz de compet\u00eancias<\/b><\/p><p><span style=\"color: #000000;\"><a style=\"color: #000000;\" href=\"https:\/\/husf.org.br\/residencia\/wp-content\/uploads\/2026\/02\/Matriz-de-Competencias-Radiologia-e-Diagnostica-por-Imagem.pdf\" target=\"_blank\" rel=\"noopener\"><strong>ACESSAR MATRIZ DE COMPET\u00caNCIAS<\/strong><\/a><\/span><\/p>\t\t\t\t\t\t\t\t<\/div>\n\t\t\t\t<\/div>\n\t\t\t\t\t<\/div>\n\t\t<\/div>\n\t\t\t\t\t<\/div>\n\t\t<\/section>\n\t\t\t\t<section class=\"elementor-section elementor-top-section elementor-element elementor-element-fddcc42 elementor-section-boxed elementor-section-height-default elementor-section-height-default\" data-id=\"fddcc42\" data-element_type=\"section\" data-e-type=\"section\">\n\t\t\t\t\t\t<div class=\"elementor-container elementor-column-gap-default\">\n\t\t\t\t\t<div class=\"elementor-column elementor-col-100 elementor-top-column elementor-element elementor-element-e502e7b\" data-id=\"e502e7b\" data-element_type=\"column\" data-e-type=\"column\">\n\t\t\t<div class=\"elementor-widget-wrap elementor-element-populated\">\n\t\t\t\t\t\t<div class=\"elementor-element elementor-element-d6dee1e elementor-widget elementor-widget-heading\" data-id=\"d6dee1e\" data-element_type=\"widget\" data-e-type=\"widget\" data-widget_type=\"heading.default\">\n\t\t\t\t<div class=\"elementor-widget-container\">\n\t\t\t\t\t<h2 class=\"elementor-heading-title elementor-size-default\">OBJETIVOS GERAIS<\/h2>\t\t\t\t<\/div>\n\t\t\t\t<\/div>\n\t\t\t\t<div class=\"elementor-element elementor-element-e8867ff elementor-widget elementor-widget-text-editor\" data-id=\"e8867ff\" data-element_type=\"widget\" data-e-type=\"widget\" data-widget_type=\"text-editor.default\">\n\t\t\t\t<div class=\"elementor-widget-container\">\n\t\t\t\t\t\t\t\t\t<p><span style=\"font-weight: 400;\">A Resid\u00eancia M\u00e9dica em Radiologia e Diagn\u00f3stico por Imagem tem como finalidade formar um especialista com s\u00f3lida forma\u00e7\u00e3o em diagn\u00f3stico por imagem, capaz de identificar, caracterizar e monitorar doen\u00e7as, contribuindo de forma decisiva para o cuidado cl\u00ednico e para o planejamento terap\u00eautico.\u00a0<\/span><\/p><p><strong>O PRM busca capacitar o m\u00e9dico residente para:\u00a0\u00a0<\/strong><\/p><ul><li style=\"font-weight: 400;\" aria-level=\"1\"><span style=\"font-weight: 400;\">Desenvolver excel\u00eancia na interpreta\u00e7\u00e3o de diferentes modalidades de imagem, incluindo radiografia convencional, ultrassonografia, tomografia computadorizada e resson\u00e2ncia magn\u00e9tica.\u00a0\u00a0<\/span><\/li><li style=\"font-weight: 400;\" aria-level=\"1\"><span style=\"font-weight: 400;\">Consolidar compet\u00eancias em protocolos de aquisi\u00e7\u00e3o, padroniza\u00e7\u00e3o de laudos, organiza\u00e7\u00e3o de fluxos e gest\u00e3o de processos em servi\u00e7os de diagn\u00f3stico por imagem.\u00a0\u00a0<\/span><\/li><li style=\"font-weight: 400;\" aria-level=\"1\"><span style=\"font-weight: 400;\">Promover integra\u00e7\u00e3o cl\u00ednico-radiol\u00f3gica, participando ativamente da discuss\u00e3o de casos e da tomada de decis\u00e3o cl\u00ednica.\u00a0\u00a0<\/span><\/li><li style=\"font-weight: 400;\" aria-level=\"1\"><span style=\"font-weight: 400;\">Desenvolver pensamento cl\u00ednico cr\u00edtico, baseado em evid\u00eancias, correlacionando achados de imagem com dados cl\u00ednicos e laboratoriais.<\/span><\/li><\/ul>\t\t\t\t\t\t\t\t<\/div>\n\t\t\t\t<\/div>\n\t\t\t\t\t<\/div>\n\t\t<\/div>\n\t\t\t\t\t<\/div>\n\t\t<\/section>\n\t\t\t\t<\/div>\n\t\t","protected":false},"excerpt":{"rendered":"<p>INSCREVA-SE Supervis\u00e3o Supervisor \u2013 Paulo Ivan Ferreira Guimar\u00e3es J\u00faniorSuplente de supervisor \u2013 Ana Fl\u00e1via da Cunha Rezende Especialidade de Cl\u00ednica M\u00e9dica Matriz de compet\u00eancias ACESSAR MATRIZ DE COMPET\u00caNCIAS OBJETIVOS GERAIS A Resid\u00eancia M\u00e9dica em Radiologia e Diagn\u00f3stico por Imagem tem como finalidade formar um especialista com s\u00f3lida forma\u00e7\u00e3o em diagn\u00f3stico por imagem, capaz de identificar, [&hellip;]<\/p>\n","protected":false},"author":1,"featured_media":0,"parent":0,"menu_order":0,"comment_status":"closed","ping_status":"closed","template":"","meta":{"footnotes":""},"class_list":["post-902","page","type-page","status-publish","hentry"],"_links":{"self":[{"href":"https:\/\/husf.org.br\/residencia\/wp-json\/wp\/v2\/pages\/902","targetHints":{"allow":["GET"]}}],"collection":[{"href":"https:\/\/husf.org.br\/residencia\/wp-json\/wp\/v2\/pages"}],"about":[{"href":"https:\/\/husf.org.br\/residencia\/wp-json\/wp\/v2\/types\/page"}],"author":[{"embeddable":true,"href":"https:\/\/husf.org.br\/residencia\/wp-json\/wp\/v2\/users\/1"}],"replies":[{"embeddable":true,"href":"https:\/\/husf.org.br\/residencia\/wp-json\/wp\/v2\/comments?post=902"}],"version-history":[{"count":7,"href":"https:\/\/husf.org.br\/residencia\/wp-json\/wp\/v2\/pages\/902\/revisions"}],"predecessor-version":[{"id":950,"href":"https:\/\/husf.org.br\/residencia\/wp-json\/wp\/v2\/pages\/902\/revisions\/950"}],"wp:attachment":[{"href":"https:\/\/husf.org.br\/residencia\/wp-json\/wp\/v2\/media?parent=902"}],"curies":[{"name":"wp","href":"https:\/\/api.w.org\/{rel}","templated":true}]}}